{"id":1022,"date":"2024-10-13T14:29:13","date_gmt":"2024-10-13T14:29:13","guid":{"rendered":"https:\/\/wiuniversity.org\/live\/?page_id=1022"},"modified":"2024-12-13T01:59:26","modified_gmt":"2024-12-13T01:59:26","slug":"direccion-academica","status":"publish","type":"page","link":"https:\/\/wiuniversity.org\/live\/direccion-academica\/","title":{"rendered":"Direcci\u00f3n Acad\u00e9mica"},"content":{"rendered":"\t\t<div data-elementor-type=\"wp-page\" data-elementor-id=\"1022\" class=\"elementor elementor-1022\" data-elementor-post-type=\"page\">\n\t\t\t\t\t\t<section class=\"elementor-section elementor-top-section elementor-element elementor-element-26825b8 elementor-section-stretched elementor-section-boxed elementor-section-height-default elementor-section-height-default\" data-id=\"26825b8\" data-element_type=\"section\" data-settings=\"{&quot;background_background&quot;:&quot;classic&quot;,&quot;stretch_section&quot;:&quot;section-stretched&quot;}\">\n\t\t\t\t\t\t<div class=\"elementor-container elementor-column-gap-default\">\n\t\t\t\t\t<div class=\"elementor-column elementor-col-100 elementor-top-column elementor-element elementor-element-f6afbbe\" data-id=\"f6afbbe\" data-element_type=\"column\">\n\t\t\t<div class=\"elementor-widget-wrap elementor-element-populated\">\n\t\t\t\t\t\t<div class=\"elementor-element elementor-element-ae53f0f elementor-widget elementor-widget-heading\" data-id=\"ae53f0f\" data-element_type=\"widget\" data-widget_type=\"heading.default\">\n\t\t\t\t<div class=\"elementor-widget-container\">\n\t\t\t<h1 class=\"elementor-heading-title elementor-size-default\">Direcci\u00f3n Acad\u00e9mica<\/h1>\t\t<\/div>\n\t\t\t\t<\/div>\n\t\t\t\t<div class=\"elementor-element elementor-element-6a0c222 elementor-widget-divider--view-line elementor-widget elementor-widget-divider\" data-id=\"6a0c222\" data-element_type=\"widget\" data-widget_type=\"divider.default\">\n\t\t\t\t<div class=\"elementor-widget-container\">\n\t\t\t\t\t<div class=\"elementor-divider\">\n\t\t\t<span class=\"elementor-divider-separator\">\n\t\t\t\t\t\t<\/span>\n\t\t<\/div>\n\t\t\t\t<\/div>\n\t\t\t\t<\/div>\n\t\t\t\t<div class=\"elementor-element elementor-element-4d59289 elementor-widget elementor-widget-text-editor\" data-id=\"4d59289\" data-element_type=\"widget\" data-widget_type=\"text-editor.default\">\n\t\t\t\t<div class=\"elementor-widget-container\">\n\t\t\t\t\t\t\t<p><strong>MA. Ang\u00e8le Bouffard Directora Acad\u00e9mica de Women International University.<\/strong><\/p><p><strong>WIU<\/strong> tiene el orgullo de presentar a su Directora Acad\u00e9mica, la exitosa y prestigiosa Docente y Experta Canadiense Ang\u00e8le Bouffard.<\/p><p>Ang\u00e8le Bouffard dirige la empresa Oser Cr\u00e9er, una empresa de consultor\u00eda que ofrece servicios de formaci\u00f3n y coaching tecnopedag\u00f3gico en gesti\u00f3n estrat\u00e9gica y gesti\u00f3n internacional. Ang\u00e8le trabaja en formaci\u00f3n, liderazgo de mujeres, gesti\u00f3n de proyectos organizativos y de desarrollo internacional, as\u00ed como gesti\u00f3n organizativa.<\/p><p>Experta en proyectos internacionales de integraci\u00f3n intercultural y dise\u00f1o de\u00a0 formaciones tecno-pedag\u00f3gicas e inclusivas para entornos de educaci\u00f3n superior y ejecutivos, orienta los procesos de innovaci\u00f3n, planificaci\u00f3n estrat\u00e9gica y asociaci\u00f3n en sus capacitaciones.\u00a0<\/p><p>Fue responsable de la capacitaci\u00f3n de trabajadores voluntarios internacionales para Canadian Crossroads International y luego estuvo asociada a la organizaci\u00f3n de cooperaci\u00f3n internacional Inter Pares como gerente y coordinadora de programas en Am\u00e9rica Latina.\u00a0<\/p><p>Ang\u00e8le trabaj\u00f3 en diplomacia en el departamento de relaciones internacionales de la Asamblea Nacional de Quebec como coordinadora de la Secretar\u00eda General de la Red de Mujeres Parlamentarias de las Am\u00e9ricas. En estas funciones organiz\u00f3 varias misiones parlamentarias y tres foros internacionales.\u00a0<\/p><p>Ang\u00e8le complet\u00f3 varios mandatos en Argentina y Paraguay con la Sociedad Internacional de Organizaciones de Desarrollo Econ\u00f3mico de Canad\u00e1 para establecer programas municipales y regionales, as\u00ed como capacitaci\u00f3n en lanzamiento de negocios para mujeres emprendedoras.\u00a0<\/p><p>Se desempe\u00f1\u00f3 como directora ejecutiva del Centro Universitario de los Apalaches en Qu\u00e9bec Canada. Comprometida con el avance de la igualdad entre mujeres y hombres, coordin\u00f3 los programas de liderazgo femenino de la YWCA-Qu\u00e9bec. Dise\u00f1\u00f3, mejor\u00f3 e imparti\u00f3 los cursos de formaci\u00f3n de L\u00edderes y Tomadores de Decisiones como as\u00ed tambi\u00e9n de J\u00f3venes L\u00edderes y Tomadores de Decisiones para integrar juntas directivas. Cre\u00f3 programas de tutor\u00eda, codesarrollo y gobernanza para lograr la paridad dentro de las juntas directivas y otros \u00f3rganos de toma de decisiones. Ha realizado varios mandatos de consultor\u00eda tecnopedag\u00f3gica en establecimientos de educaci\u00f3n superior.\u00a0<\/p><p>Actualmente es profesora y dirige el programa de Gesti\u00f3n Global de la Social International University y la Direcci\u00f3n acad\u00e9mica en la Women International University.<\/p>\t\t\t\t\t\t<\/div>\n\t\t\t\t<\/div>\n\t\t\t\t\t<\/div>\n\t\t<\/div>\n\t\t\t\t\t<\/div>\n\t\t<\/section>\n\t\t\t\t<section class=\"elementor-section elementor-top-section elementor-element elementor-element-e50a6c2 elementor-section-boxed elementor-section-height-default elementor-section-height-default\" data-id=\"e50a6c2\" data-element_type=\"section\" data-settings=\"{&quot;background_background&quot;:&quot;classic&quot;}\">\n\t\t\t\t\t\t<div class=\"elementor-container elementor-column-gap-default\">\n\t\t\t\t\t<div class=\"elementor-column elementor-col-33 elementor-top-column elementor-element elementor-element-b64f79b\" data-id=\"b64f79b\" data-element_type=\"column\">\n\t\t\t<div class=\"elementor-widget-wrap elementor-element-populated\">\n\t\t\t\t\t\t<div class=\"elementor-element elementor-element-3b8a06d elementor-widget elementor-widget-image\" data-id=\"3b8a06d\" data-element_type=\"widget\" data-widget_type=\"image.default\">\n\t\t\t\t<div class=\"elementor-widget-container\">\n\t\t\t\t\t\t\t\t\t\t\t\t\t\t<a href=\"https:\/\/siuniversity.org\/site\/bootcamp40\">\n\t\t\t\t\t\t\t<img fetchpriority=\"high\" decoding=\"async\" width=\"800\" height=\"530\" src=\"https:\/\/wiuniversity.org\/live\/wp-content\/uploads\/2024\/10\/foto-oficial.jpg\" class=\"attachment-large size-large wp-image-1027\" alt=\"\" srcset=\"https:\/\/wiuniversity.org\/live\/wp-content\/uploads\/2024\/10\/foto-oficial.jpg 800w, https:\/\/wiuniversity.org\/live\/wp-content\/uploads\/2024\/10\/foto-oficial-300x199.jpg 300w, https:\/\/wiuniversity.org\/live\/wp-content\/uploads\/2024\/10\/foto-oficial-768x509.jpg 768w, https:\/\/wiuniversity.org\/live\/wp-content\/uploads\/2024\/10\/foto-oficial-230x152.jpg 230w, https:\/\/wiuniversity.org\/live\/wp-content\/uploads\/2024\/10\/foto-oficial-350x232.jpg 350w, https:\/\/wiuniversity.org\/live\/wp-content\/uploads\/2024\/10\/foto-oficial-480x318.jpg 480w\" sizes=\"(max-width: 800px) 100vw, 800px\" \/>\t\t\t\t\t\t\t\t<\/a>\n\t\t\t\t\t\t\t\t\t\t\t\t\t<\/div>\n\t\t\t\t<\/div>\n\t\t\t\t<div class=\"elementor-element elementor-element-650ce9d elementor-widget elementor-widget-heading\" data-id=\"650ce9d\" data-element_type=\"widget\" data-widget_type=\"heading.default\">\n\t\t\t\t<div class=\"elementor-widget-container\">\n\t\t\t<h1 class=\"elementor-heading-title elementor-size-default\">Ang\u00e8le Bouffard en el Seminario Internacional de Industrias Creativas Digitales en la Fundaci\u00f3n Global Democracia y Desarrollo (FUNGLODE) - Santo Domingo, Rep\u00fablica Dominicana, evento de FIAM Academy.<\/h1>\t\t<\/div>\n\t\t\t\t<\/div>\n\t\t\t\t\t<\/div>\n\t\t<\/div>\n\t\t\t\t<div class=\"elementor-column elementor-col-33 elementor-top-column elementor-element elementor-element-e253217\" data-id=\"e253217\" data-element_type=\"column\">\n\t\t\t<div class=\"elementor-widget-wrap elementor-element-populated\">\n\t\t\t\t\t\t<div class=\"elementor-element elementor-element-b19dca1 elementor-widget elementor-widget-video\" data-id=\"b19dca1\" data-element_type=\"widget\" data-settings=\"{&quot;youtube_url&quot;:&quot;https:\\\/\\\/www.youtube.com\\\/watch?v=6s235egcwXo&amp;t&quot;,&quot;video_type&quot;:&quot;youtube&quot;,&quot;controls&quot;:&quot;yes&quot;}\" data-widget_type=\"video.default\">\n\t\t\t\t<div class=\"elementor-widget-container\">\n\t\t\t\t\t<div class=\"elementor-wrapper elementor-open-inline\">\n\t\t\t<div class=\"elementor-video\"><\/div>\t\t<\/div>\n\t\t\t\t<\/div>\n\t\t\t\t<\/div>\n\t\t\t\t<div class=\"elementor-element elementor-element-14a0515 elementor-widget elementor-widget-heading\" data-id=\"14a0515\" data-element_type=\"widget\" data-widget_type=\"heading.default\">\n\t\t\t\t<div class=\"elementor-widget-container\">\n\t\t\t<h1 class=\"elementor-heading-title elementor-size-default\">Avance de la presentaci\u00f3n de Ang\u00e8le Bouffard en el Foro mundial 4.0 2020.<\/h1>\t\t<\/div>\n\t\t\t\t<\/div>\n\t\t\t\t\t<\/div>\n\t\t<\/div>\n\t\t\t\t<div class=\"elementor-column elementor-col-33 elementor-top-column elementor-element elementor-element-e625b67\" data-id=\"e625b67\" data-element_type=\"column\">\n\t\t\t<div class=\"elementor-widget-wrap elementor-element-populated\">\n\t\t\t\t\t\t<div class=\"elementor-element elementor-element-12a598a elementor-widget elementor-widget-video\" data-id=\"12a598a\" data-element_type=\"widget\" data-settings=\"{&quot;youtube_url&quot;:&quot;https:\\\/\\\/www.youtube.com\\\/watch?v=XZpidrp5PXs&amp;t&quot;,&quot;video_type&quot;:&quot;youtube&quot;,&quot;controls&quot;:&quot;yes&quot;}\" data-widget_type=\"video.default\">\n\t\t\t\t<div class=\"elementor-widget-container\">\n\t\t\t\t\t<div class=\"elementor-wrapper elementor-open-inline\">\n\t\t\t<div class=\"elementor-video\"><\/div>\t\t<\/div>\n\t\t\t\t<\/div>\n\t\t\t\t<\/div>\n\t\t\t\t<div class=\"elementor-element elementor-element-9f2e2d7 elementor-widget elementor-widget-heading\" data-id=\"9f2e2d7\" data-element_type=\"widget\" data-widget_type=\"heading.default\">\n\t\t\t\t<div class=\"elementor-widget-container\">\n\t\t\t<h1 class=\"elementor-heading-title elementor-size-default\">Avance de la presentaci\u00f3n de Ang\u00e8le Bouffard en el Foro mundial 4.0 2021.<\/h1>\t\t<\/div>\n\t\t\t\t<\/div>\n\t\t\t\t\t<\/div>\n\t\t<\/div>\n\t\t\t\t\t<\/div>\n\t\t<\/section>\n\t\t\t\t<\/div>\n\t\t","protected":false},"excerpt":{"rendered":"<p>Direcci\u00f3n Acad\u00e9mica MA. Ang\u00e8le Bouffard Directora Acad\u00e9mica de Women International University. WIU tiene el orgullo de presentar a su Directora Acad\u00e9mica, la [&hellip;]<\/p>\n","protected":false},"author":3,"featured_media":0,"parent":0,"menu_order":0,"comment_status":"closed","ping_status":"closed","template":"elementor_header_footer","meta":{"footnotes":""},"class_list":["post-1022","page","type-page","status-publish","hentry"],"_links":{"self":[{"href":"https:\/\/wiuniversity.org\/live\/wp-json\/wp\/v2\/pages\/1022","targetHints":{"allow":["GET"]}}],"collection":[{"href":"https:\/\/wiuniversity.org\/live\/wp-json\/wp\/v2\/pages"}],"about":[{"href":"https:\/\/wiuniversity.org\/live\/wp-json\/wp\/v2\/types\/page"}],"author":[{"embeddable":true,"href":"https:\/\/wiuniversity.org\/live\/wp-json\/wp\/v2\/users\/3"}],"replies":[{"embeddable":true,"href":"https:\/\/wiuniversity.org\/live\/wp-json\/wp\/v2\/comments?post=1022"}],"version-history":[{"count":25,"href":"https:\/\/wiuniversity.org\/live\/wp-json\/wp\/v2\/pages\/1022\/revisions"}],"predecessor-version":[{"id":7482,"href":"https:\/\/wiuniversity.org\/live\/wp-json\/wp\/v2\/pages\/1022\/revisions\/7482"}],"wp:attachment":[{"href":"https:\/\/wiuniversity.org\/live\/wp-json\/wp\/v2\/media?parent=1022"}],"curies":[{"name":"wp","href":"https:\/\/api.w.org\/{rel}","templated":true}]}}